{"id":1384,"date":"2017-01-07T10:59:25","date_gmt":"2017-01-07T09:59:25","guid":{"rendered":"http:\/\/www.gskos.unios.hr\/?page_id=1384"},"modified":"2019-05-24T15:24:42","modified_gmt":"2019-05-24T13:24:42","slug":"misija-i-vizija","status":"publish","type":"page","link":"https:\/\/www.gskos.unios.hr\/index.php\/misija-i-vizija\/","title":{"rendered":"MISIJA I VIZIJA"},"content":{"rendered":"<section class=\"wpb-content-wrapper\"><p>[vc_row full_width=&#8221;stretch_row&#8221; content_placement=&#8221;bottom&#8221; enable_first_overlay=&#8221;true&#8221; first_overlay_opacity=&#8221;25&#8243; first_background_type=&#8221;gradient&#8221; enable_parallax=&#8221;true&#8221; parallax_background=&#8221;4683&#8243; parallax_style=&#8221;fixed&#8221; css=&#8221;.vc_custom_1509299994785{background-position: center !important;background-repeat: no-repeat !important;background-size: cover !important;}&#8221;][vc_column alignment=&#8221;center&#8221;]<div id=\"mpc_textblock-5469f4fe40193ae\" class=\"mpc-textblock mpc-init mpc-typography--preset_0 mpc-animation \" data-animation-in=\"transition.slideDownBigIn||3250||0||100\"><p style=\"text-align: center;\">MISIJA I VIZIJA<\/p>\n<\/div>[\/vc_column][\/vc_row][vc_row][vc_column][vc_empty_space height=&#8221;50px&#8221;]<div data-id=\"mpc_divider-3369f4fe401949a\" class=\"mpc-divider-wrap\"><div class=\"mpc-divider mpc-init mpc-align--center \" ><div class=\"mpc-divider__line mpc-side--left\"><span><\/span><\/div><div class=\"mpc-divider__separator\"><div class=\"mpc-divider__content mpc-typography--mpc_preset_103\">Misija knji\u017enice<\/div><\/div><div class=\"mpc-divider__line mpc-side--right\"><span><\/span><\/div><\/div><\/div>[vc_empty_space height=&#8221;50px&#8221;][\/vc_column][\/vc_row][vc_section][vc_row][vc_column]<div id=\"mpc_textblock-8469f4fe40194d9\" class=\"mpc-textblock mpc-init mpc-typography--mpc_preset_103 \"><p>Gradska i sveu\u010dili\u0161na knji\u017enica Osijek (GISKO) djeluje kao knji\u017enica s dvojnom funkcijom:<\/p>\n<\/div>[vc_empty_space height=&#8221;50px&#8221;][\/vc_column][\/vc_row][vc_row][vc_column width=&#8221;1\/2&#8243; alignment=&#8221;center&#8221;]<div class=\"mpc-tooltip-wrap\" data-id=\"mpc_icon-3069f4fe4019eb8\"><div data-id=\"mpc_icon-3069f4fe4019eb8\" class=\"mpc-icon mpc-init mpc-transition mpc-tooltip-target mpc-effect-none mpc-icon-hover mpc-icon--image \"><div class=\"mpc-icon-wrap\"><i class=\"mpc-icon-part mpc-regular mpc-transition \"><img width=\"150\" height=\"150\" src=\"https:\/\/www.gskos.unios.hr\/wp-content\/uploads\/2017\/01\/os01.png\" class=\"attachment-thumbnail\" alt=\"\" loading=\"lazy\" title=\"os01\" \/><\/i><i class=\"mpc-icon-part mpc-hover mpc-transition \"><img width=\"150\" height=\"150\" src=\"https:\/\/www.gskos.unios.hr\/wp-content\/uploads\/2017\/01\/os02.png\" class=\"attachment-thumbnail\" alt=\"\" loading=\"lazy\" title=\"os02\" \/><\/i><\/div><\/div><div id=\"mpc_tooltip-7469f4fe4019eeb\" class=\"mpc-tooltip mpc-init mpc-position--right mpc-can-hover mpc-trigger--hover \"><ul>\n \t<li>osigurava dostupnost svih vrsta informacija (znanstvenih, obrazovnih, stru\u010dnih, kulturnih i dr.) na raznovrsnim medijima, znanja i kulturnih sadr\u017eaja za potrebe obrazovanja, stru\u010dnog i znanstvenog rada, cjelo\u017eivotnog u\u010denja, informiranja, odlu\u010divanja i razonode naj\u0161irem krugu stvarnih i potencijalnih korisnika \u2013 gra\u0111ana Grada Osijeka i Osje\u010dko-baranjske \u017eupanije;<\/li>\n<\/ul>\n&nbsp;\n<ul>\n \t<li>brine o uspostavi i funkcioniranju knji\u017eni\u010dnoga sustava narodnih, osnovno\u0161kolskih i srednjo\u0161kolskih knji\u017enica Osje\u010dko-baranjske \u017eupanije.<\/li>\n<\/ul><div class=\"mpc-arrow\"><\/div><\/div><\/div>[vc_empty_space height=&#8221;30px&#8221;]<div id=\"mpc_textblock-6969f4fe4019f69\" class=\"mpc-textblock mpc-init mpc-typography--mpc_preset_103 \"><p style=\"text-align: center;\">Sredi\u0161nja (mati\u010dna) javna\/narodna knji\u017enica grada Osijeka<br \/>\ni Osje\u010dko-baranjske \u017eupanije.<\/p>\n<\/div>[vc_empty_space height=&#8221;50px&#8221;][\/vc_column][vc_column width=&#8221;1\/2&#8243; alignment=&#8221;center&#8221;]<div class=\"mpc-tooltip-wrap\" data-id=\"mpc_icon-8369f4fe401a8fb\"><div data-id=\"mpc_icon-8369f4fe401a8fb\" class=\"mpc-icon mpc-init mpc-transition mpc-tooltip-target mpc-effect-none mpc-icon-hover mpc-icon--image \"><div class=\"mpc-icon-wrap\"><i class=\"mpc-icon-part mpc-regular mpc-transition \"><img width=\"150\" height=\"150\" src=\"https:\/\/www.gskos.unios.hr\/wp-content\/uploads\/2017\/01\/os03.png\" class=\"attachment-thumbnail\" alt=\"\" loading=\"lazy\" title=\"os03\" \/><\/i><i class=\"mpc-icon-part mpc-hover mpc-transition \"><img width=\"150\" height=\"150\" src=\"https:\/\/www.gskos.unios.hr\/wp-content\/uploads\/2017\/01\/os04.png\" class=\"attachment-thumbnail\" alt=\"\" loading=\"lazy\" title=\"os04\" \/><\/i><\/div><\/div><div id=\"mpc_tooltip-4969f4fe401a93f\" class=\"mpc-tooltip mpc-init mpc-position--left mpc-can-hover mpc-wide mpc-trigger--hover \"><ul>\n \t<li>prikuplja, organizira, \u010duva i pru\u017ea pristup informacijskim izvorima na razli\u010ditim medijima koji podr\u017eavaju programe studiranja za sve tri razine sveu\u010dili\u0161nih studija (preddiplomski, diplomski i poslijediplomski studiji) te znanstvenog rada na sveu\u010dili\u0161tu, ali i \u0161iroj dru\u0161tvenoj zajednici;<\/li>\n<\/ul>\n&nbsp;\n<ul>\n \t<li>brine o uspostavi i funkcioniranju knji\u017eni\u010dno-informacijske djelatnosti na Sveu\u010dili\u0161tu Josipa Jurja Strossmayera u Osijeku, tj. njezino je infrastrukturno sredi\u0161te te poti\u010de intelektualni rast i fleksibilnost u skladu s potrebama korisnika radi suradnje i otvorenosti za nove ideje i povezivanja, kako unutar samoga sustava, tako i s drugim knji\u017eni\u010dnim i sveucili\u0161nim sustavima u zemlji i inozemstvu;<\/li>\n<\/ul>\n&nbsp;\n<ul>\n \t<li>brine o uspostavi i funkcioniranju knji\u017eni\u010dno-informacijske djelatnosti u visoko\u0161kolskim i specijalnim knji\u017enicama Bjelovarsko-bilogorske, Viroviti\u010dko-podravske, Po\u017ee\u0161ko-slavonske, Osje\u010dko-baranjske i Vukovarsko-srijemske \u017eupanije.<\/li>\n<\/ul><div class=\"mpc-arrow\"><\/div><\/div><\/div>[vc_empty_space height=&#8221;30px&#8221;]<div id=\"mpc_textblock-3969f4fe401a988\" class=\"mpc-textblock mpc-init mpc-typography--mpc_preset_103 \"><p style=\"text-align: center;\">Sredi\u0161nja sveu\u010dili\u0161na\/znanstvena knji\u017enica<br \/>\nSveu\u010dili\u0161ta Josipa Jurja Strossmayera u Osijeku.<\/p>\n<\/div>[vc_empty_space height=&#8221;50px&#8221;][\/vc_column][\/vc_row][vc_row][vc_column][vc_empty_space height=&#8221;50px&#8221;]<div data-id=\"mpc_divider-7569f4fe401aa45\" class=\"mpc-divider-wrap\"><div class=\"mpc-divider mpc-init mpc-align--center \" ><div class=\"mpc-divider__line mpc-side--left\"><span><\/span><\/div><div class=\"mpc-divider__separator\"><div class=\"mpc-divider__content mpc-typography--mpc_preset_103\">Vizija knji\u017enice<\/div><\/div><div class=\"mpc-divider__line mpc-side--right\"><span><\/span><\/div><\/div><\/div>[vc_empty_space height=&#8221;50px&#8221;][\/vc_column][\/vc_row][vc_row][vc_column width=&#8221;1\/2&#8243; alignment=&#8221;center&#8221;]<div id=\"mpc_textblock-569f4fe401aa7a\" class=\"mpc-textblock mpc-init mpc-typography--mpc_preset_103 \"><p><strong>Mjesto cjelo\u017eivotnoga u\u010denja i najzna\u010dajnije, svima dostupno, kulturno sredi\u0161te lokalne zajednice<\/strong><\/p>\n<\/div>[vc_empty_space height=&#8221;21px&#8221;]<div id=\"mpc_textblock-8769f4fe401ab06\" class=\"mpc-textblock mpc-init mpc-typography--mpc_preset_103 \"><p style=\"text-align: justify;\">podupire intelektualni rast i fleksibilnost u radu u skladu s informacijskim potrebama lokalne zajednice i svih njenih \u010dlanova, podupire formalno obrazovanje, promi\u010de svijest o kulturnom naslije\u0111u, prvenstveno zavi\u010dajnom, uva\u017eavanju umjetnosti, znanstvenih postignu\u0107a i inovacija, poti\u010de dijalog me\u0111u kulturama, poti\u010de \u010ditateljske navike, ma\u0161tu, inovativnost i kreativnost svojih korisnika, a osobito djece u suvremenom prostorno-informacijskom okru\u017eenju hibridne knji\u017enice, postaju\u0107i na taj na\u010din mjesto cjelo\u017eivotnoga u\u010denja i najzna\u010dajnije, svima dostupno, kulturno sredi\u0161ta lokalne zajednice.<\/p>\n<\/div>[vc_empty_space height=&#8221;50px&#8221;][\/vc_column][vc_column width=&#8221;1\/2&#8243; alignment=&#8221;center&#8221;]<div id=\"mpc_textblock-7669f4fe401ab94\" class=\"mpc-textblock mpc-init mpc-typography--mpc_preset_103 \"><p style=\"text-align: justify;\"><strong>Zna\u010dajan i nezaobilazan \u010dimbenik i partner u provo\u0111enju nastavnih i znanstveno-istra\u017eiva\u010dkih procesa na Sveu\u010dili\u0161tu Josipa Jurja Strossmayera u Osijeku i integrativno sredi\u0161te Knji\u017eni\u010dnog sustava Sveu\u010dili\u0161ta <\/strong><\/p>\n<\/div>[vc_empty_space height=&#8221;21px&#8221;]<div id=\"mpc_textblock-5569f4fe401ac22\" class=\"mpc-textblock mpc-init mpc-typography--mpc_preset_103 \"><p style=\"text-align: justify;\">prepoznaje i prihva\u0107a neprestane promjene u dru\u0161tvenom okru\u017eenju, a napose u sustavu za u\u010denje i pou\u010davanje, osigurava uspje\u0161an, efektivan i integriran pristup vlastitim znanstvenim resursima kao i znanstvenim resursima drugih knji\u017enica unutar knji\u017eni\u010dnog sustava Sveu\u010dili\u0161ta, ima aktivnu ulogu u nastajanju globalnih mre\u017ea knji\u017enica, poti\u010de sna\u017eno povezivanje s nastavnim i znanstvenim osobljem te odgovorni rad stru\u010dnoga knji\u017eni\u010dnog osoblja koje se razvija kroz usavr\u0161avanje i cjelo\u017eivotno obrazovanje i time postaje jedinstvena kategorija stru\u010dnog osoblja u sustavu visokoga obrazovanja na Sveu\u010dili\u0161tu, a GISKO zna\u010dajan i nezaobilazan \u010dimbenik te partner u provo\u0111enju nastavnih i znanstveno-istra\u017eiva\u010dkih procesa na Sveu\u010dili\u0161tu i integrativno sredi\u0161te Knji\u017eni\u010dnoga sustava Sveu\u010dili\u0161ta u Osijeku.<\/p>\n<\/div>[vc_empty_space height=&#8221;50px&#8221;][\/vc_column][\/vc_row][vc_row][vc_column][vc_empty_space height=&#8221;10px&#8221;]<div data-id=\"mpc_divider-9969f4fe401acce\" class=\"mpc-divider-wrap\"><div class=\"mpc-divider mpc-init mpc-align--center \" ><div class=\"mpc-divider__line mpc-side--left\"><span><\/span><\/div><div class=\"mpc-divider__separator\"><div class=\"mpc-divider__content mpc-typography--mpc_preset_103\">Vrijednosti<\/div><\/div><div class=\"mpc-divider__line mpc-side--right\"><span><\/span><\/div><\/div><\/div>[vc_empty_space height=&#8221;30px&#8221;][\/vc_column][\/vc_row][vc_row][vc_column width=&#8221;1\/3&#8243;]<div data-id=\"mpc_image-6969f4fe401b1f6\" onclick=\"\" class=\"mpc-image mpc-init mpc-animation \"  data-animation-in=\"transition.slideLeftIn||750||0||100\"><div class=\"mpc-item mpc-transition\"><img width=\"500\" height=\"333\" src=\"https:\/\/www.gskos.unios.hr\/wp-content\/uploads\/2017\/01\/64-s.jpg\" class=\"mpc-transition attachment-full\" alt=\"\" loading=\"lazy\" title=\"64-s\" srcset=\"https:\/\/www.gskos.unios.hr\/wp-content\/uploads\/2017\/01\/64-s.jpg 500w, https:\/\/www.gskos.unios.hr\/wp-content\/uploads\/2017\/01\/64-s-300x200.jpg 300w\" sizes=\"(max-width: 500px) 100vw, 500px\" \/><\/div><\/div>[\/vc_column][vc_column width=&#8221;2\/3&#8243;]<div id=\"mpc_textblock-1969f4fe401b260\" class=\"mpc-textblock mpc-init mpc-typography--mpc_preset_103 \"><p style=\"text-align: justify;\">Kao sredi\u0161nja (mati\u010dna) javna\/narodna knji\u017enica grada Osijeka i Osje\u010dko-baranjske \u017eupanije i sredi\u0161nja (mati\u010dna) sveu\u010dili\u0161na\/znanstvena knji\u017enica Sveu\u010dili\u0161ta u Osijeku u provo\u0111enju svojih aktivnosti zala\u017ee se za dru\u0161tveno odgovoran rad i pridr\u017eavanje najvi\u0161ih standarda u radu, sna\u017ene radne etike, preuzimanje odgovornosti za rad i djelovanje u izgradnji medusobnih odnosa na temelju zajedni\u0161tva i iskrenosti; otvorenost za nove ideje, ostvarenje \u0161to vi\u0161e mogu\u0107nosti koje pru\u017ea intelektualno aktivno, inovativno i fleksibilno okru\u017eenje, promicanje i poticanje otvorene komunikacije me\u0111u knji\u017enicama u sustavu, knji\u017enicama i korisnicima te odlu\u010dnost u zalaganju za izvrsnost i kontinuirano pobolj\u0161avanje procesa i usluga u skladu s o\u010dekivanjem na\u0161ih korisnika.<\/p>\n<\/div>[\/vc_column][\/vc_row][vc_row][vc_column][vc_empty_space height=&#8221;70px&#8221;]<div data-id=\"mpc_divider-769f4fe401b314\" class=\"mpc-divider-wrap\"><div class=\"mpc-divider mpc-init mpc-align--center \" ><div class=\"mpc-divider__line mpc-side--left\"><span><\/span><\/div><div class=\"mpc-divider__separator\"><div class=\"mpc-divider__content mpc-typography--mpc_preset_103\">Zakonski polo\u017eaj<\/div><\/div><div class=\"mpc-divider__line mpc-side--right\"><span><\/span><\/div><\/div><\/div>[vc_empty_space height=&#8221;50px&#8221;][\/vc_column][\/vc_row][\/vc_section][vc_row][vc_column width=&#8221;1\/3&#8243;]<div id=\"mpc_dropcap-4169f4fe401b35f\" class=\"mpc-dropcap mpc-init mpc-typography--mpc_preset_103 \">K<\/div><div id=\"mpc_textblock-9869f4fe401b38e\" class=\"mpc-textblock mpc-init mpc-typography--mpc_preset_103 \"><p style=\"text-align: justify;\">nji\u017enica je sastavnica Sveu\u010dili\u0161ta Josipa Jurja Strossmayera u Osijeku koja se osniva kao sredi\u0161te jedinstvenog sveu\u010dili\u0161nog knji\u017eni\u010dnog sustava.<br \/>\nOsniva\u010d i vlasnik Knji\u017enice je Sveu\u010dili\u0161te.<br \/>\nTemeljem Rje\u0161enja Vije\u0107a za knji\u017enice RH Knji\u017enica ima status \u017eupanijske mati\u010dne narodne knji\u017enice za sve narodne i \u0161kolske knji\u017enice na podru\u010dju Osje\u010dko-baranjske \u017eupanije i regionalne znanstvene knji\u017enice za sve fakultetske, specijalne i spomeni\u010dke knji\u017enice na podru\u010dju regije Slavonije i Baranje.<\/p>\n<\/div>[\/vc_column][vc_column width=&#8221;1\/3&#8243;]<div id=\"mpc_dropcap-1769f4fe401b430\" class=\"mpc-dropcap mpc-init mpc-typography--mpc_preset_103 \">U<\/div><div id=\"mpc_textblock-2169f4fe401b45d\" class=\"mpc-textblock mpc-init mpc-typography--mpc_preset_103 \"><p style=\"text-align: justify;\">U skladu s \u010dlankom 10. Zakona o knji\u017enicama i knji\u017eni\u010dnoj djelatnosti (NN 17\/19) \u201cOp\u0107ine i gradovi \u2026 du\u017eni su samostalno ili zajedno osnovati narodnu knji\u017enicu kao ustanovu te njezine podru\u017enice na svojem podru\u010dju, osim kada djelatnost narodne knji\u017enice ve\u0107 obavlja koja druga knji\u017enica na njihovu podru\u010dju za rad koje su osigurali sredstva.\u201d<\/p>\n<\/div>[\/vc_column][vc_column width=&#8221;1\/3&#8243;]<div id=\"mpc_dropcap-5569f4fe401b4f4\" class=\"mpc-dropcap mpc-init mpc-typography--mpc_preset_103 \">U<\/div><div id=\"mpc_textblock-1869f4fe401b51f\" class=\"mpc-textblock mpc-init mpc-typography--mpc_preset_103 \"><p style=\"text-align: justify;\">govorom o financiranju narodne djelatnosti Gradske i sveu\u010dili\u0161ne knji\u017enice Osijek, sklopljenim izme\u0111u Grada Osijeka &#8211; Poglavarstva s jedne strane i Sveu\u010dili\u0161ta J. J. Strossmayera u Osijeku i GISKO s druge strane, privremeno je osigurano financiranje ovog dijela ukupne djelatnosti Knji\u017enice.<\/p>\n<p style=\"text-align: left;\">U skladu s navedenim funkcijama i zadacima Knji\u017enica se razvija kao javna\u00a0 op\u0107eznanstvena knji\u017enica polivalentnih sadr\u017eaja.<\/p>\n<\/div>[\/vc_column][\/vc_row][vc_row][vc_column][vc_empty_space height=&#8221;30px&#8221;]<div data-id=\"mpc_divider-7069f4fe401b606\" class=\"mpc-divider-wrap\"><div class=\"mpc-divider mpc-init mpc-align--center \" ><div class=\"mpc-divider__line mpc-side--left\"><span><\/span><\/div><div class=\"mpc-divider__separator\"><div class=\"mpc-divider__content fa fa-circle\"><\/div><\/div><div class=\"mpc-divider__line mpc-side--right\"><span><\/span><\/div><\/div><\/div>[vc_empty_space height=&#8221;30px&#8221;]<div id=\"mpc_textblock-3969f4fe401b633\" class=\"mpc-textblock mpc-init mpc-typography--mpc_preset_103 \"><p>U odnosu na trenuta\u010dno stanje, uvjete djelovanja i mogu\u0107nosti, a u skladu s navedenim osnovnim funkcijama i zadacima, osnovni pravci razvoja Knji\u017enice odre\u0111eni su dvojako:<\/p>\n<\/div>[vc_empty_space height=&#8221;30px&#8221;][\/vc_column][\/vc_row][vc_row][vc_column width=&#8221;1\/2&#8243;]<div id=\"mpc_textblock-5669f4fe401b6bc\" class=\"mpc-textblock mpc-init mpc-typography--mpc_preset_103 \"><p style=\"text-align: center;\"><strong>KRATKORO\u010cNO<\/strong><\/p>\n<\/div>[vc_empty_space height=&#8221;5px&#8221;]<div id=\"mpc_textblock-5269f4fe401b73e\" class=\"mpc-textblock mpc-init \"><p style=\"text-align: center;\">Kontinuitet dvojne funkcije Knji\u017enice kao javne gradske, odnosno narodne knji\u017enice i sveu\u010dili\u0161ne, odnosno znanstvene knji\u017enice, ja\u010danje pojedinih funkcija i stvaranje pretpostavki za razdvajanje.<\/p>\n<\/div>[\/vc_column][vc_column width=&#8221;1\/2&#8243;]<div id=\"mpc_textblock-8669f4fe401b7ba\" class=\"mpc-textblock mpc-init mpc-typography--mpc_preset_103 \"><p style=\"text-align: center;\"><strong>DUGORO\u010cNO<\/strong><\/p>\n<\/div>[vc_empty_space height=&#8221;5px&#8221;]<div id=\"mpc_textblock-5669f4fe401b83a\" class=\"mpc-textblock mpc-init \"><p style=\"text-align: center;\">Osamostaljivanje i razdvajanje navedenih funkcija do potpunog fizi\u010dkog odvajanja na dvije zasebne ustanove\/knji\u017enice: Gradsku knji\u017enicu kao javnu narodnu knji\u017enicu op\u0107eznanstvenog tipa na sada\u0161njoj lokaciji i Sveu\u010dili\u0161nu knji\u017enicu na novoj lokaciji.<\/p>\n<\/div>[\/vc_column][\/vc_row][vc_row content_placement=&#8221;middle&#8221;][vc_column alignment=&#8221;center&#8221;][vc_empty_space height=&#8221;30px&#8221;]<div data-id=\"mpc_divider-6369f4fe401b8dc\" class=\"mpc-divider-wrap\"><div class=\"mpc-divider mpc-init mpc-align--center \" ><div class=\"mpc-divider__line mpc-side--left\"><span><\/span><\/div><div class=\"mpc-divider__separator\"><div class=\"mpc-divider__content fa fa-circle\"><\/div><\/div><div class=\"mpc-divider__line mpc-side--right\"><span><\/span><\/div><\/div><\/div>[vc_empty_space height=&#8221;30px&#8221;]<div class=\"mpc-tooltip-wrap\" data-id=\"mpc_icon-969f4fe401b935\"><div data-id=\"mpc_icon-969f4fe401b935\" class=\"mpc-icon mpc-init mpc-transition mpc-tooltip-target mpc-effect-none mpc-icon-hover \"><div class=\"mpc-icon-wrap\"><i class=\"mpc-icon-part mpc-regular mpc-transition  etl etl-map\"><\/i><i class=\"mpc-icon-part mpc-hover mpc-transition  etl etl-map\"><\/i><\/div><\/div><div id=\"mpc_tooltip-6069f4fe401b95c\" class=\"mpc-tooltip mpc-init mpc-position--top mpc-can-hover mpc-trigger--hover \"><iframe src=\"https:\/\/www.google.com\/maps\/embed?pb=!1m18!1m12!1m3!1d2793.464450821973!2d18.680568515782756!3d45.56109793499313!2m3!1f0!2f0!3f0!3m2!1i1024!2i768!4f13.1!3m3!1m2!1s0x475ce7a4287b763f%3A0xadd2af296a163852!2sEuropska+avenija+24%2C+31000%2C+Osijek!5e0!3m2!1shr!2shr!4v1483982870163\" width=\"600\" height=\"450\" frameborder=\"0\" style=\"border:0\" allowfullscreen><\/iframe><div class=\"mpc-arrow\"><\/div><\/div><\/div><div id=\"mpc_textblock-7669f4fe401b98d\" class=\"mpc-textblock mpc-init \"><h3 style=\"text-align: center;\"><strong>GISKO<\/strong><\/h3>\n<p style=\"text-align: center;\">Europska avenija 24<\/p>\n<\/div>[vc_empty_space height=&#8221;30px&#8221;]<div id=\"mpc_textblock-1569f4fe401ba14\" class=\"mpc-textblock mpc-init mpc-typography--mpc_preset_103 \"><p>Gradska i sveu\u010dili\u0161na knji\u017enica Osijek djeluje na mati\u010dnoj lokaciji Europska avenija 24 i pet podru\u010dnih odjela: Ogranak Donji grad, Ogranak Industrijska \u010detvrt, Ogranak Retfala, Ogranak Jug II i Ogranak Novi grad.<\/p>\n<\/div>[vc_empty_space height=&#8221;30px&#8221;][vc_row_inner][vc_column_inner width=&#8221;1\/6&#8243;][vc_single_image image=&#8221;3127&#8243;]<div id=\"mpc_textblock-9969f4fe401ba95\" class=\"mpc-textblock mpc-init \"><h3 style=\"text-align: center;\"><strong>GISKO Ogranci<\/strong><\/h3>\n<\/div>[\/vc_column_inner][vc_column_inner width=&#8221;1\/6&#8243; alignment=&#8221;center&#8221;]<div class=\"mpc-tooltip-wrap\" data-id=\"mpc_icon-4969f4fe401bb3d\"><div data-id=\"mpc_icon-4969f4fe401bb3d\" class=\"mpc-icon mpc-init mpc-transition mpc-tooltip-target mpc-effect-none mpc-icon-hover \"><div class=\"mpc-icon-wrap\"><i class=\"mpc-icon-part mpc-regular mpc-transition  etl etl-map\"><\/i><i class=\"mpc-icon-part mpc-hover mpc-transition  etl etl-map\"><\/i><\/div><\/div><div id=\"mpc_tooltip-1469f4fe401bb65\" class=\"mpc-tooltip mpc-init mpc-position--top mpc-can-hover mpc-trigger--hover \"><iframe src=\"https:\/\/www.google.com\/maps\/embed?pb=!1m18!1m12!1m3!1d2793.7587308621787!2d18.71618621578266!3d45.5551788353887!2m3!1f0!2f0!3f0!3m2!1i1024!2i768!4f13.1!3m3!1m2!1s0x475ce7dbb9eb3cfd%3A0x6f3366d82dee9334!2sTrg+bana+Josipa+Jela%C4%8Di%C4%87a+24A%2C+31000%2C+Osijek!5e0!3m2!1shr!2shr!4v1483801706393\" width=\"600\" height=\"450\" frameborder=\"0\" style=\"border:0\" allowfullscreen><\/iframe><div class=\"mpc-arrow\"><\/div><\/div><\/div><div id=\"mpc_textblock-8669f4fe401bb95\" class=\"mpc-textblock mpc-init \"><h3 style=\"text-align: center;\"><strong>Ogranak Donji grad<\/strong><\/h3>\n<p style=\"text-align: center;\">Trg bana J.Jela\u010di\u0107a 24a, Osijek<strong><br \/>\n<\/strong><\/p>\n<\/div>[\/vc_column_inner][vc_column_inner width=&#8221;1\/6&#8243; alignment=&#8221;center&#8221;]<div class=\"mpc-tooltip-wrap\" data-id=\"mpc_icon-3269f4fe401bc43\"><div data-id=\"mpc_icon-3269f4fe401bc43\" class=\"mpc-icon mpc-init mpc-transition mpc-tooltip-target mpc-effect-none mpc-icon-hover \"><div class=\"mpc-icon-wrap\"><i class=\"mpc-icon-part mpc-regular mpc-transition  etl etl-map\"><\/i><i class=\"mpc-icon-part mpc-hover mpc-transition  etl etl-map\"><\/i><\/div><\/div><div id=\"mpc_tooltip-2969f4fe401bc68\" class=\"mpc-tooltip mpc-init mpc-position--top mpc-can-hover mpc-trigger--hover \"><iframe src=\"https:\/\/www.google.com\/maps\/embed?pb=!1m18!1m12!1m3!1d2794.2524732412007!2d18.675269215782407!3d45.545246436052494!2m3!1f0!2f0!3f0!3m2!1i1024!2i768!4f13.1!3m3!1m2!1s0x475ce652141db8d3%3A0x31391e8b39af19e9!2sVinkova%C4%8Dka+cesta+66D%2C+31000%2C+Osijek!5e0!3m2!1shr!2shr!4v1483803934525\" width=\"600\" height=\"450\" frameborder=\"0\" style=\"border:0\" allowfullscreen><\/iframe><div class=\"mpc-arrow\"><\/div><\/div><\/div><div id=\"mpc_textblock-3069f4fe401bc96\" class=\"mpc-textblock mpc-init \"><h3 style=\"text-align: center;\"><strong> Ogranak Industrijska \u010detvrt<\/strong><\/h3>\n<p style=\"text-align: center;\">Vinkova\u010dka 66d, Osijek<strong><br \/>\n<\/strong><\/p>\n<\/div>[\/vc_column_inner][vc_column_inner width=&#8221;1\/6&#8243; alignment=&#8221;center&#8221;]<div class=\"mpc-tooltip-wrap\" data-id=\"mpc_icon-5269f4fe401bd42\"><div data-id=\"mpc_icon-5269f4fe401bd42\" class=\"mpc-icon mpc-init mpc-transition mpc-tooltip-target mpc-effect-none mpc-icon-hover \"><div class=\"mpc-icon-wrap\"><i class=\"mpc-icon-part mpc-regular mpc-transition  etl etl-map\"><\/i><i class=\"mpc-icon-part mpc-hover mpc-transition  etl etl-map\"><\/i><\/div><\/div><div id=\"mpc_tooltip-969f4fe401bd66\" class=\"mpc-tooltip mpc-init mpc-position--top mpc-can-hover mpc-trigger--hover \"><iframe src=\"https:\/\/www.google.com\/maps\/embed?pb=!1m18!1m12!1m3!1d2793.454894710075!2d18.65055601578279!3d45.56129013498036!2m3!1f0!2f0!3f0!3m2!1i1024!2i768!4f13.1!3m3!1m2!1s0x475ce719a32975cf%3A0xa556ac20707aaf63!2sUl.+Ljudevita+Posavskog+30%2C+31000%2C+Osijek!5e0!3m2!1shr!2shr!4v1483803981944\" width=\"600\" height=\"450\" frameborder=\"0\" style=\"border:0\" allowfullscreen><\/iframe><div class=\"mpc-arrow\"><\/div><\/div><\/div><div id=\"mpc_textblock-9969f4fe401bd94\" class=\"mpc-textblock mpc-init \"><h3 style=\"text-align: center;\"><strong> Ogranak Retfala<\/strong><\/h3>\n<p style=\"text-align: center;\">Lj. Posavskog 30, Osijek<\/p>\n<\/div>[\/vc_column_inner][vc_column_inner width=&#8221;1\/6&#8243; alignment=&#8221;center&#8221;]<div class=\"mpc-tooltip-wrap\" data-id=\"mpc_icon-4969f4fe401be37\"><div data-id=\"mpc_icon-4969f4fe401be37\" class=\"mpc-icon mpc-init mpc-transition mpc-tooltip-target mpc-effect-none mpc-icon-hover \"><div class=\"mpc-icon-wrap\"><i class=\"mpc-icon-part mpc-regular mpc-transition  etl etl-map\"><\/i><i class=\"mpc-icon-part mpc-hover mpc-transition  etl etl-map\"><\/i><\/div><\/div><div id=\"mpc_tooltip-9769f4fe401be5b\" class=\"mpc-tooltip mpc-init mpc-position--top mpc-can-hover mpc-trigger--hover \"><iframe src=\"https:\/\/www.google.com\/maps\/embed?pb=!1m18!1m12!1m3!1d2794.354438446346!2d18.716998515782333!3d45.54319503618943!2m3!1f0!2f0!3f0!3m2!1i1024!2i768!4f13.1!3m3!1m2!1s0x475ce7d55f05ab81%3A0xb1e166eb351d1b1e!2sOpatijska+ul.+26F%2C+31000%2C+Osijek!5e0!3m2!1shr!2shr!4v1483804034402\" width=\"600\" height=\"450\" frameborder=\"0\" style=\"border:0\" allowfullscreen><\/iframe><div class=\"mpc-arrow\"><\/div><\/div><\/div><div id=\"mpc_textblock-269f4fe401be89\" class=\"mpc-textblock mpc-init \"><h3 style=\"text-align: center;\"><strong>Ogranak Jug II<\/strong><\/h3>\n<p style=\"text-align: center;\">Opatijska 26f, Osijek<strong><br \/>\n<\/strong><\/p>\n<\/div>[\/vc_column_inner][vc_column_inner width=&#8221;1\/6&#8243;]<div class=\"mpc-tooltip-wrap\" data-id=\"mpc_icon-4069f4fe401bf2e\"><div data-id=\"mpc_icon-4069f4fe401bf2e\" class=\"mpc-icon mpc-init mpc-transition mpc-tooltip-target mpc-effect-none mpc-icon-hover \"><div class=\"mpc-icon-wrap\"><i class=\"mpc-icon-part mpc-regular mpc-transition  etl etl-map\"><\/i><i class=\"mpc-icon-part mpc-hover mpc-transition  etl etl-map\"><\/i><\/div><\/div><div id=\"mpc_tooltip-3969f4fe401bf52\" class=\"mpc-tooltip mpc-init mpc-position--top mpc-can-hover mpc-trigger--hover \"><iframe src=\"https:\/\/www.google.com\/maps\/embed?pb=!1m18!1m12!1m3!1d2793.986461926541!2d18.70694511588566!3d45.550597879101964!2m3!1f0!2f0!3f0!3m2!1i1024!2i768!4f13.1!3m3!1m2!1s0x475ce7ce37558b8f%3A0xe8648b96843e19c!2sUl.+Martina+Divalta+132%2C+31000%2C+Osijek!5e0!3m2!1shr!2shr!4v1495010564805\" width=\"600\" height=\"450\" frameborder=\"0\" style=\"border:0\" allowfullscreen><\/iframe><div class=\"mpc-arrow\"><\/div><\/div><\/div><div id=\"mpc_textblock-2969f4fe401bf7f\" class=\"mpc-textblock mpc-init \"><h3 style=\"text-align: center;\"><strong>Ogranak Novi grad<br \/>\n<\/strong><\/h3>\n<p style=\"text-align: center;\">Martina Divalta 132<strong><br \/>\n<\/strong><\/p>\n<\/div>[\/vc_column_inner][\/vc_row_inner][\/vc_column][\/vc_row][vc_row][vc_column][vc_empty_space height=&#8221;70px&#8221;][\/vc_column][\/vc_row]<\/p>\n<\/section>","protected":false},"excerpt":{"rendered":"<p>[vc_row full_width=&#8221;stretch_row&#8221; content_placement=&#8221;bottom&#8221; enable_first_overlay=&#8221;true&#8221; first_overlay_opacity=&#8221;25&#8243; first_background_type=&#8221;gradient&#8221; enable_parallax=&#8221;true&#8221; parallax_background=&#8221;4683&#8243; parallax_style=&#8221;fixed&#8221; css=&#8221;.vc_custom_1509299994785{background-position: center !important;background-repeat: no-repeat !important;background-size: cover !important;}&#8221;][vc_column alignment=&#8221;center&#8221;][\/vc_column][\/vc_row][vc_row][vc_column][vc_empty_space height=&#8221;50px&#8221;][vc_empty_space height=&#8221;50px&#8221;][\/vc_column][\/vc_row][vc_section][vc_row][vc_column][vc_empty_space height=&#8221;50px&#8221;][\/vc_column][\/vc_row][vc_row][vc_column width=&#8221;1\/2&#8243; alignment=&#8221;center&#8221;][vc_empty_space height=&#8221;30px&#8221;][vc_empty_space height=&#8221;50px&#8221;][\/vc_column][vc_column width=&#8221;1\/2&#8243; alignment=&#8221;center&#8221;][vc_empty_space height=&#8221;30px&#8221;][vc_empty_space height=&#8221;50px&#8221;][\/vc_column][\/vc_row][vc_row][vc_column][vc_empty_space height=&#8221;50px&#8221;][vc_empty_space height=&#8221;50px&#8221;][\/vc_column][\/vc_row][vc_row][vc_column width=&#8221;1\/2&#8243; alignment=&#8221;center&#8221;][vc_empty_space height=&#8221;21px&#8221;][vc_empty_space height=&#8221;50px&#8221;][\/vc_column][vc_column width=&#8221;1\/2&#8243; alignment=&#8221;center&#8221;][vc_empty_space height=&#8221;21px&#8221;][vc_empty_space height=&#8221;50px&#8221;][\/vc_column][\/vc_row][vc_row][vc_column][vc_empty_space height=&#8221;10px&#8221;][vc_empty_space height=&#8221;30px&#8221;][\/vc_column][\/vc_row][vc_row][vc_column width=&#8221;1\/3&#8243;][\/vc_column][vc_column width=&#8221;2\/3&#8243;][\/vc_column][\/vc_row][vc_row][vc_column][vc_empty_space height=&#8221;70px&#8221;][vc_empty_space height=&#8221;50px&#8221;][\/vc_column][\/vc_row][\/vc_section][vc_row][vc_column width=&#8221;1\/3&#8243;][\/vc_column][vc_column width=&#8221;1\/3&#8243;][\/vc_column][vc_column width=&#8221;1\/3&#8243;][\/vc_column][\/vc_row][vc_row][vc_column][vc_empty_space height=&#8221;30px&#8221;][vc_empty_space height=&#8221;30px&#8221;][vc_empty_space height=&#8221;30px&#8221;][\/vc_column][\/vc_row][vc_row][vc_column width=&#8221;1\/2&#8243;][vc_empty_space height=&#8221;5px&#8221;][\/vc_column][vc_column width=&#8221;1\/2&#8243;][vc_empty_space height=&#8221;5px&#8221;][\/vc_column][\/vc_row][vc_row content_placement=&#8221;middle&#8221;][vc_column<\/p>\n","protected":false},"author":3,"featured_media":3466,"parent":0,"menu_order":0,"comment_status":"closed","ping_status":"closed","template":"","meta":{"_mi_skip_tracking":false},"_links":{"self":[{"href":"https:\/\/www.gskos.unios.hr\/index.php\/wp-json\/wp\/v2\/pages\/1384"}],"collection":[{"href":"https:\/\/www.gskos.unios.hr\/index.php\/wp-json\/wp\/v2\/pages"}],"about":[{"href":"https:\/\/www.gskos.unios.hr\/index.php\/wp-json\/wp\/v2\/types\/page"}],"author":[{"embeddable":true,"href":"https:\/\/www.gskos.unios.hr\/index.php\/wp-json\/wp\/v2\/users\/3"}],"replies":[{"embeddable":true,"href":"https:\/\/www.gskos.unios.hr\/index.php\/wp-json\/wp\/v2\/comments?post=1384"}],"version-history":[{"count":157,"href":"https:\/\/www.gskos.unios.hr\/index.php\/wp-json\/wp\/v2\/pages\/1384\/revisions"}],"predecessor-version":[{"id":10652,"href":"https:\/\/www.gskos.unios.hr\/index.php\/wp-json\/wp\/v2\/pages\/1384\/revisions\/10652"}],"wp:featuredmedia":[{"embeddable":true,"href":"https:\/\/www.gskos.unios.hr\/index.php\/wp-json\/wp\/v2\/media\/3466"}],"wp:attachment":[{"href":"https:\/\/www.gskos.unios.hr\/index.php\/wp-json\/wp\/v2\/media?parent=1384"}],"curies":[{"name":"wp","href":"https:\/\/api.w.org\/{rel}","templated":true}]}}