{"id":6815,"date":"2017-12-29T14:37:55","date_gmt":"2017-12-29T13:37:55","guid":{"rendered":"http:\/\/www.gskos.unios.hr\/?page_id=6815"},"modified":"2022-09-13T14:41:30","modified_gmt":"2022-09-13T12:41:30","slug":"zavicajna-periodika","status":"publish","type":"page","link":"https:\/\/www.gskos.unios.hr\/index.php\/zavicajna-periodika\/","title":{"rendered":"ZAVI\u010cAJNA PERIODIKA"},"content":{"rendered":"<section class=\"wpb-content-wrapper\"><p>[vc_row full_width=&#8221;stretch_row&#8221; content_placement=&#8221;bottom&#8221; enable_first_overlay=&#8221;true&#8221; first_overlay_opacity=&#8221;25&#8243; first_background_type=&#8221;gradient&#8221; enable_parallax=&#8221;true&#8221; parallax_background=&#8221;3627&#8243; parallax_style=&#8221;fixed&#8221; css=&#8221;.vc_custom_1509303263297{background-position: center !important;background-repeat: no-repeat !important;background-size: cover !important;}&#8221;][vc_column alignment=&#8221;center&#8221;]<div id=\"mpc_textblock-5169f2105329682\" class=\"mpc-textblock mpc-init mpc-typography--preset_0 mpc-animation \" data-animation-in=\"transition.slideDownBigIn||3250||0||100\"><p style=\"text-align: center;\">ZAVI\u010cAJNA PERIODIKA<\/p>\n<\/div>[\/vc_column][\/vc_row][vc_row][vc_column][vc_empty_space height=&#8221;50px&#8221;][vc_empty_space height=&#8221;30px&#8221;][\/vc_column][\/vc_row][vc_row full_width=&#8221;stretch_row&#8221; css=&#8221;.vc_custom_1514555763635{background-color: #ffffff !important;}&#8221;][vc_column width=&#8221;1\/2&#8243;][vc_empty_space][vc_column_text]<\/p>\n<h3><span style=\"color: #003366;\"><a style=\"color: #003366;\" href=\"http:\/\/161.53.208.100\/cgi-bin\/unilib.cgi?form=D1140221028\"><strong>Almanak hrvatskoj mlade\u017ei<\/strong><\/a><\/span><\/h3>\n<p>[\/vc_column_text][vc_column_text]<\/p>\n<p style=\"text-align: justify;\">Almanah je prigodna ili periodi\u010dna publikacija, godi\u0161njak s prilozima vi\u0161e autora, s knji\u017eevnim, stru\u010dnim, informativnim ili zabavnim sadr\u017eajem. Almanahe \u010desto izdaju u\u010deni\u010dka, akademska, stru\u010dna i stale\u0161ka dru\u0161tva.<\/p>\n<p style=\"text-align: justify;\">Po\u010detkom 20. stolje\u0107a, u Hrvatskoj je nekoliko godi\u0161njaka posve\u0107enih dje\u010djoj knji\u017eevnosti. U Osijeku je 1906. nakladom Ljudevita Szeklera iza\u0161ao jedan broj, <em>Almanak hrvatskoj mlade\u017ei<\/em>. Urednik je Stjepan \u0160irola, u\u010ditelj u Zagrebu. Sadr\u017ei preko 60 izvornih pjesama, pri\u010da, pripovijesti i pou\u010dnih \u010dlanaka, dok je u drugome godi\u0161tu (koji nije iza\u0161ao) bilo u planu skupiti zagonetke, \u0161ale i rebuse. U almanahu su najve\u0107im dijelom sura\u0111ivali u\u010ditelji, pisci za djecu i mlade. Uobi\u010dajeno su se kupovali na kraju \u0161kolske godine kao \u201enagradna knjiga\u201c.<\/p>\n<p>[\/vc_column_text][vc_empty_space][\/vc_column][vc_column width=&#8221;1\/2&#8243;][vc_empty_space][vc_empty_space][vc_single_image image=&#8221;15987&#8243; img_size=&#8221;full&#8221; alignment=&#8221;center&#8221; onclick=&#8221;custom_link&#8221; img_link_target=&#8221;_blank&#8221; link=&#8221;http:\/\/161.53.208.100\/cgi-bin\/unilib.cgi?form=D1140221028&#8243;][vc_empty_space][vc_empty_space][\/vc_column][\/vc_row][vc_row][vc_column]<div data-id=\"mpc_divider-5669f210532973f\" class=\"mpc-divider-wrap\"><div class=\"mpc-divider mpc-init mpc-align--center \" ><div class=\"mpc-divider__line mpc-side--left\"><span><\/span><\/div><div class=\"mpc-divider__separator\"><div class=\"mpc-divider__content\"><\/div><\/div><div class=\"mpc-divider__line mpc-side--right\"><span><\/span><\/div><\/div><\/div>[\/vc_column][\/vc_row][vc_row full_width=&#8221;stretch_row&#8221; css=&#8221;.vc_custom_1514555763635{background-color: #ffffff !important;}&#8221;][vc_column width=&#8221;1\/2&#8243;][vc_empty_space][vc_column_text]<\/p>\n<h3><a href=\"http:\/\/161.53.208.100\/cgi-bin\/unilib.cgi?form=D1110207032\" target=\"_blank\" rel=\"noopener noreferrer\"><span style=\"color: #2c518c;\"><b>Glas Slavonije<\/b><\/span><\/a><\/h3>\n<p>[\/vc_column_text][vc_column_text]<\/p>\n<p style=\"text-align: justify;\">&#8220;Glas Slavonije&#8221; je jedini informativno-politi\u010dki dnevni list koji izlazi u gradu Osijeku, a tematski pokriva prostor isto\u010dne Hrvatske, odnosno slavonsko-baranjske regije. Prvi broj tiskan je 24. travnja 1943. godine, u tijeku Drugog svjetskog rata. Pred Domovinski rat dosti\u017ee nakladu od 50.000 primjeraka.\u00a0 List kontinuirano izlazi i tijekom Domovinskog rata kada je promijenjeno odbroj\u010davanje te se u impresumu navodi kako je Glas Slavonije sljednik Hrvatskoga lista koji je po\u010deo izlaziti 1920. godine.<\/p>\n<p style=\"text-align: justify;\">Glas Slavonije iz 1991. i 1992. godine, osim u papirnom, dostupan\u00a0 je u Gradskoj i sveu\u010dili\u0161noj knji\u017enici i u elektroni\u010dkom obliku. Pristup je omogu\u0107en na korisni\u010dkim ra\u010dunalima u Studijskoj \u010ditaonici.<\/p>\n<p>[\/vc_column_text][vc_empty_space][\/vc_column][vc_column width=&#8221;1\/2&#8243;][vc_empty_space][vc_empty_space][vc_single_image image=&#8221;8246&#8243; img_size=&#8221;full&#8221; alignment=&#8221;center&#8221; onclick=&#8221;custom_link&#8221; img_link_target=&#8221;_blank&#8221; link=&#8221;http:\/\/161.53.208.100\/cgi-bin\/unilib.cgi?form=D1110207032&#8243;][vc_empty_space][vc_empty_space][\/vc_column][\/vc_row][vc_row][vc_column]<div data-id=\"mpc_divider-3069f2105329780\" class=\"mpc-divider-wrap\"><div class=\"mpc-divider mpc-init mpc-align--center \" ><div class=\"mpc-divider__line mpc-side--left\"><span><\/span><\/div><div class=\"mpc-divider__separator\"><div class=\"mpc-divider__content\"><\/div><\/div><div class=\"mpc-divider__line mpc-side--right\"><span><\/span><\/div><\/div><\/div>[\/vc_column][\/vc_row][vc_row full_width=&#8221;stretch_row&#8221; css=&#8221;.vc_custom_1514555763635{background-color: #ffffff !important;}&#8221;][vc_column width=&#8221;1\/2&#8243;][vc_empty_space height=&#8221;30px&#8221;][vc_column_text]<\/p>\n<h3><a href=\"http:\/\/161.53.208.100\/cgi-bin\/unilib.cgi?form=D1121110026\" target=\"_blank\" rel=\"noopener noreferrer\"><span style=\"color: #2c518c;\"><b>Hrvatska p\u010dela<\/b><\/span><\/a><\/h3>\n<p>[\/vc_column_text][vc_column_text]<\/p>\n<p style=\"text-align: justify;\">\u010casopis Hrvatskog p\u010delarskog saveza\u00a0<strong>&#8220;<a href=\"http:\/\/161.53.208.100\/cgi-bin\/unilib.cgi?form=D1121110026\" target=\"_blank\" rel=\"noopener noreferrer\">Hrvatska p\u010dela<\/a>&#8220;<\/strong>\u00a0stru\u010dni je \u010dasopis koji je osnovalo Hrvatsko-slavonsko p\u010delarsko dru\u0161tvo u Osijeku. Prvi broj iza\u0161ao je\u00a0<strong>1. o\u017eujka 1881<\/strong><strong>.<\/strong>\u00a0godine pod imenom \u201cSlavonska p\u010dela\u201d. Ve\u0107 1884. godine \u010dasopis mijenja ime u \u201cHrvatska p\u010dela\u201d koja je zastupala i branila interese, donosila izvje\u0161taje o p\u010delarstvu iz cijele Hrvatske, pratila svaki napredak u p\u010delarstvu cijeloga svijeta, te svoje \u010ditatelje upoznavala s novim izumima.<\/p>\n<p style=\"text-align: justify;\">&#8220;Hrvatska p\u010dela&#8221; je jedan od pet najstarijih p\u010delarskih \u010dasopisa u svijetu, koji kontinuirano izlaze. U Gradskoj i Sveu\u010dili\u0161noj knji\u017enici Osijek u povodu jubilarne 130. godi\u0161njice izla\u017eenja 2011. godine zapo\u010dela je njegova digitalizacija.<\/p>\n<p>[\/vc_column_text][vc_empty_space height=&#8221;30px&#8221;][\/vc_column][vc_column width=&#8221;1\/2&#8243;][vc_empty_space height=&#8221;30px&#8221;][vc_empty_space height=&#8221;30px&#8221;][vc_single_image image=&#8221;8247&#8243; img_size=&#8221;full&#8221; alignment=&#8221;center&#8221; onclick=&#8221;custom_link&#8221; img_link_target=&#8221;_blank&#8221; link=&#8221;http:\/\/161.53.208.100\/cgi-bin\/unilib.cgi?form=D1121110026&#8243;][vc_empty_space height=&#8221;30px&#8221;][vc_empty_space height=&#8221;30px&#8221;][\/vc_column][\/vc_row][vc_row][vc_column]<div data-id=\"mpc_divider-2369f21053297b1\" class=\"mpc-divider-wrap\"><div class=\"mpc-divider mpc-init mpc-align--center \" ><div class=\"mpc-divider__line mpc-side--left\"><span><\/span><\/div><div class=\"mpc-divider__separator\"><div class=\"mpc-divider__content\"><\/div><\/div><div class=\"mpc-divider__line mpc-side--right\"><span><\/span><\/div><\/div><\/div>[\/vc_column][\/vc_row][vc_row full_width=&#8221;stretch_row&#8221; css=&#8221;.vc_custom_1514555763635{background-color: #ffffff !important;}&#8221;][vc_column width=&#8221;1\/2&#8243;][vc_empty_space][vc_column_text]<\/p>\n<h3><a href=\"http:\/\/161.53.208.100\/cgi-bin\/unilib.cgi?form=D1140217066\"><span style=\"color: #2c518c;\"><b>Hrvatski sjever<\/b><\/span><\/a><\/h3>\n<p>[\/vc_column_text][vc_column_text]<\/p>\n<p style=\"text-align: justify;\">\u010casopis Hrvatski sjever izlazio je 1944. godine u izdanju osje\u010dkoga pododbora Matice hrvatske. Iako je planiran kao mjese\u010dnik, iza\u0161la su samo dva broja, za srpanj i kolovoz.\u00a0 Ideja naziva je u tome \u0161to \u201esmo na sjevernoj granici hrvatske dr\u017eave; zato, \u0161to \u017eelimo kulturno povezati i najsjevernije Hrvate izvan na\u0161ih dr\u017eavnih granica; zato, \u0161to smo htjeli zahvatiti za knji\u017eevnu obradbu i hrvatske krajeve, koji su izvan obsega u\u017ee Slavonije, a gravitiraju gradu Osijeku kao kulturnom sredi\u0161tu.\u201c<br \/>\n\u010casopis donosi niz publicisti\u010dkih i knji\u017eevnih tekstova, knji\u017eevne i kazali\u0161ne kritike te ocjene filozofskih naslova u izdanju Matice hrvatske, kao i preglede djelatnosti pojedinih osje\u010dkih kulturnih institucija, dru\u0161tava i medija.<br \/>\nVrijedan je prinos istra\u017eivanju osje\u010dkog pododbora Matice hrvatske, kao i izvor podataka za razdoblje Nezavisne Dr\u017eave Hrvatske.<\/p>\n<p>[\/vc_column_text][vc_empty_space][\/vc_column][vc_column width=&#8221;1\/2&#8243;][vc_empty_space][vc_empty_space][vc_single_image image=&#8221;13024&#8243; img_size=&#8221;full&#8221; alignment=&#8221;center&#8221; onclick=&#8221;custom_link&#8221; img_link_target=&#8221;_blank&#8221; link=&#8221;http:\/\/161.53.208.100\/cgi-bin\/unilib.cgi?form=D1140217066&#8243;][vc_empty_space][vc_empty_space][\/vc_column][\/vc_row][vc_row][vc_column]<div data-id=\"mpc_divider-8169f21053297dd\" class=\"mpc-divider-wrap\"><div class=\"mpc-divider mpc-init mpc-align--center \" ><div class=\"mpc-divider__line mpc-side--left\"><span><\/span><\/div><div class=\"mpc-divider__separator\"><div class=\"mpc-divider__content\"><\/div><\/div><div class=\"mpc-divider__line mpc-side--right\"><span><\/span><\/div><\/div><\/div>[\/vc_column][\/vc_row][vc_row full_width=&#8221;stretch_row&#8221; css=&#8221;.vc_custom_1514555763635{background-color: #ffffff !important;}&#8221;][vc_column width=&#8221;1\/2&#8243;][vc_empty_space][vc_column_text]<\/p>\n<h3><a href=\"http:\/\/161.53.208.100\/cgi-bin\/unilib.cgi?form=D1140217067\" target=\"_blank\" rel=\"noopener noreferrer\"><span style=\"color: #2c518c;\"><b><strong>Kazali\u0161ni list Narodnog kazali\u0161ta u Osijeku<\/strong> <\/b><\/span><\/a><\/h3>\n<p>[\/vc_column_text][vc_column_text]<\/p>\n<p style=\"text-align: justify;\"><a href=\"http:\/\/161.53.208.100\/cgi-bin\/unilib.cgi?form=D1140217067\"><strong>&#8220;Kazali\u0161ni list Narodnog kazali\u0161ta u Osijeku<\/strong>&#8221;\u00a0<\/a>je izlazio u razli\u010ditim formatima kao tjednik Narodnog kazali\u0161ta u Osijeku u razdoblju od 1922. do 1934. godine. Ure\u0111ivao ga je Tomislav Tanhofer, a donosio je najave predstava te druge kazali\u0161ne vijesti.<\/p>\n<p>[\/vc_column_text][vc_empty_space][\/vc_column][vc_column width=&#8221;1\/2&#8243;][vc_empty_space][vc_empty_space][vc_single_image image=&#8221;8225&#8243; img_size=&#8221;full&#8221; alignment=&#8221;center&#8221; onclick=&#8221;custom_link&#8221; img_link_target=&#8221;_blank&#8221; link=&#8221;http:\/\/161.53.208.100\/cgi-bin\/unilib.cgi?form=D1140217067&#8243;][vc_empty_space][vc_empty_space][\/vc_column][\/vc_row][vc_row][vc_column]<div data-id=\"mpc_divider-6269f2105329806\" class=\"mpc-divider-wrap\"><div class=\"mpc-divider mpc-init mpc-align--center \" ><div class=\"mpc-divider__line mpc-side--left\"><span><\/span><\/div><div class=\"mpc-divider__separator\"><div class=\"mpc-divider__content\"><\/div><\/div><div class=\"mpc-divider__line mpc-side--right\"><span><\/span><\/div><\/div><\/div>[\/vc_column][\/vc_row][vc_row full_width=&#8221;stretch_row&#8221; css=&#8221;.vc_custom_1514555763635{background-color: #ffffff !important;}&#8221;][vc_column width=&#8221;1\/2&#8243;][vc_empty_space height=&#8221;30px&#8221;][vc_column_text]<\/p>\n<h3><a href=\"http:\/\/161.53.208.100\/cgi-bin\/unilib.cgi?form=D1121008027\" target=\"_blank\" rel=\"noopener noreferrer\"><span style=\"color: #2c518c;\"><b>Osje\u010dka pozornica<\/b><\/span><\/a><\/h3>\n<p>[\/vc_column_text][vc_column_text]<\/p>\n<p style=\"text-align: justify;\"><b>\u201c<a href=\"http:\/\/161.53.208.100\/cgi-bin\/unilib.cgi?form=D1121008027\" target=\"_blank\" rel=\"noopener noreferrer\">Osje\u010dka pozornica<\/a>\u201c<\/b>\u00a0je\u00a0 tjednik Hrvatskog dr\u017eavnog kazali\u0161ta u Osijeku\u00a0 koji je izlazio u Osijeku u razdoblju od\u00a0<b>1941. do 1944.<\/b>godine. Prvi urednik Osje\u010dke pozornice bio je Marko Fotez, a od druge godine An\u0111elko \u0160timac. List je tiskan u Gra\u0111anskoj tiskari, Osijek. U njemu su objavljivani tjedni rasporedi kazali\u0161nih predstava, najavljivane premijere. Donosio je prikaze predstava, tekstove o pojedinim glumcima\u00a0 te ostale kazali\u0161ne vijesti.<\/p>\n<p>[\/vc_column_text][vc_empty_space height=&#8221;30px&#8221;][\/vc_column][vc_column width=&#8221;1\/2&#8243;][vc_empty_space height=&#8221;30px&#8221;][vc_empty_space height=&#8221;30px&#8221;][vc_single_image image=&#8221;8238&#8243; img_size=&#8221;full&#8221; alignment=&#8221;center&#8221; onclick=&#8221;custom_link&#8221; img_link_target=&#8221;_blank&#8221; link=&#8221;http:\/\/161.53.208.100\/cgi-bin\/unilib.cgi?form=D1121008027&#8243;][vc_empty_space height=&#8221;30px&#8221;][vc_empty_space height=&#8221;30px&#8221;][\/vc_column][\/vc_row][vc_row][vc_column]<div data-id=\"mpc_divider-1569f210532982c\" class=\"mpc-divider-wrap\"><div class=\"mpc-divider mpc-init mpc-align--center \" ><div class=\"mpc-divider__line mpc-side--left\"><span><\/span><\/div><div class=\"mpc-divider__separator\"><div class=\"mpc-divider__content\"><\/div><\/div><div class=\"mpc-divider__line mpc-side--right\"><span><\/span><\/div><\/div><\/div>[\/vc_column][\/vc_row][vc_row full_width=&#8221;stretch_row&#8221; css=&#8221;.vc_custom_1514555763635{background-color: #ffffff !important;}&#8221;][vc_column width=&#8221;1\/2&#8243;][vc_empty_space][vc_column_text]<\/p>\n<h3><a href=\"http:\/\/161.53.208.100\/cgi-bin\/unilib.cgi?form=D1140221023\" target=\"_blank\" rel=\"noopener noreferrer\"><span style=\"color: #2c518c;\"><b>Osje\u010dka scena<\/b><\/span><\/a><\/h3>\n<p>[\/vc_column_text][vc_column_text]<\/p>\n<p style=\"text-align: justify;\">\u201eOsje\u010dka scena\u201c\u00a0 je tjednik Narodnog kazali\u0161ta u Osijeku u razdoblju od 1947. do 1949 godine. Ure\u0111uje je Ivan Merton. Prvi broj je posve\u0107en \u010detrdesetogodi\u0161njici djelovanja kazali\u0161ta i donosi povijesni pregled, repertoar, prikaz pojedinih predstava i umjetni\u010dkog ansambla. Ostali brojevi osim prikaza pojedinih kazali\u0161nih predstava, donose i sindikalne vijesti te repertoare drugih kazali\u0161ta.<\/p>\n<p>[\/vc_column_text][vc_empty_space][\/vc_column][vc_column width=&#8221;1\/2&#8243;][vc_empty_space][vc_empty_space][vc_single_image image=&#8221;10207&#8243; img_size=&#8221;full&#8221; alignment=&#8221;center&#8221; onclick=&#8221;custom_link&#8221; img_link_target=&#8221;_blank&#8221; link=&#8221;http:\/\/161.53.208.100\/cgi-bin\/unilib.cgi?form=D1140221023&#8243;][vc_empty_space][vc_empty_space][\/vc_column][\/vc_row][vc_row][vc_column]<div data-id=\"mpc_divider-7769f210532984f\" class=\"mpc-divider-wrap\"><div class=\"mpc-divider mpc-init mpc-align--center \" ><div class=\"mpc-divider__line mpc-side--left\"><span><\/span><\/div><div class=\"mpc-divider__separator\"><div class=\"mpc-divider__content\"><\/div><\/div><div class=\"mpc-divider__line mpc-side--right\"><span><\/span><\/div><\/div><\/div>[\/vc_column][\/vc_row][vc_row full_width=&#8221;stretch_row&#8221; css=&#8221;.vc_custom_1514555763635{background-color: #ffffff !important;}&#8221;][vc_column width=&#8221;1\/2&#8243;][vc_empty_space][vc_column_text]<\/p>\n<h3><a href=\"http:\/\/161.53.208.100\/cgi-bin\/unilib.cgi?form=D1140221027\" target=\"_blank\" rel=\"noopener noreferrer\"><span style=\"color: #2c518c;\"><b>Put : \u010dasopis za knji\u017eevnost i kulturu<\/b><\/span><\/a><\/h3>\n<p>[\/vc_column_text][vc_column_text]<\/p>\n<p style=\"text-align: justify;\">\u010casopis za knji\u017eevnost i kulturu \u201ePut\u201c izlazio je u Osijeku 1940. godine. Urednik je bio Mirko Antunov Streitenberger. \u010casopis je po duhu bio srodnik Krle\u017einog \u201ePe\u010data\u201c u doba kulminacije tzv. sukoba na knji\u017eevnoj ljevici. Iako je nazna\u010deno da izlazi povremeno i planirana je pretplata od deset brojeva, tiskana su samo dva broja. \u010casopis objavljuje knji\u017eevne i likovne priloge te prikaze knjiga i \u010dasopisa.<\/p>\n<p>[\/vc_column_text][vc_empty_space][\/vc_column][vc_column width=&#8221;1\/2&#8243;][vc_empty_space][vc_empty_space][vc_single_image image=&#8221;10522&#8243; img_size=&#8221;full&#8221; alignment=&#8221;center&#8221; onclick=&#8221;custom_link&#8221; img_link_target=&#8221;_blank&#8221; link=&#8221;http:\/\/161.53.208.100\/cgi-bin\/unilib.cgi?form=D1140221027&#8243;][vc_empty_space][vc_empty_space][\/vc_column][\/vc_row][vc_row][vc_column]<div data-id=\"mpc_divider-10069f210532986f\" class=\"mpc-divider-wrap\"><div class=\"mpc-divider mpc-init mpc-align--center \" ><div class=\"mpc-divider__line mpc-side--left\"><span><\/span><\/div><div class=\"mpc-divider__separator\"><div class=\"mpc-divider__content\"><\/div><\/div><div class=\"mpc-divider__line mpc-side--right\"><span><\/span><\/div><\/div><\/div>[\/vc_column][\/vc_row][vc_row full_width=&#8221;stretch_row&#8221; css=&#8221;.vc_custom_1514555763635{background-color: #ffffff !important;}&#8221;][vc_column][vc_empty_space][vc_column_text]<\/p>\n<h3 style=\"text-align: left;\"><span style=\"color: #000000;\"><b><strong>Zbirka \u0161kolskih izvje\u0161\u0107a<\/strong> <\/b><\/span><\/h3>\n<p>[\/vc_column_text][vc_column_text]<\/p>\n<p style=\"text-align: justify;\">Od sredine 19. stolje\u0107a do 1918. godine sve su gimnazije, u skladu s tada\u0161njim \u0161kolskim zakonom, Nacrtom ustroja gimnazija i realnih \u0161kola u Austriji (1849.) bile du\u017ene izdavati godi\u0161nja izvje\u0161\u0107a. Izdavale su ih i ostale srednje \u0161kole, a \u010desto i pu\u010dke \u0161kole na razini op\u0107ine ili grada. 1920-ih svoja izvje\u0161\u0107a izdaje manji broj \u0161kola. Tek je 1930., nakon dono\u0161enja Zakona o srednjim \u0161kolama (1929.) objavljen novi pravilnik o tiskanju godi\u0161njih \u0161kolskih izvje\u0161\u0107a.<br \/>\nIzvje\u0161\u0107a naj\u010de\u0161\u0107e obuhva\u0107aju sljede\u0107e kategorije: popise nastavnika po predmetima i razredima, popise ud\u017ebenika, popise u\u010denika, nastavna sredstva, ekskurzije, zavr\u0161ne ispite, statisti\u010dke pregled i drugo.<br \/>\n\u0160kolska izvje\u0161\u0107a su javni dokumenti o radu \u0161kole, koji su osim za slu\u017ebene potrebe, bili namijenjeni u\u010denicima i njihovim roditeljima, a pru\u017eali\u00a0 su i mogu\u0107nost usporedbe rada \u0161kola.<br \/>\nDanas su to vrijedni izvori za prou\u010davanje povijesti osje\u010dkog srednjeg \u0161kolstva, povijesti pojedinih \u0161kola i biografija tada\u0161njih gimnazijskih profesora i u\u010denika.<\/p>\n<p>[\/vc_column_text][vc_empty_space][vc_column_text]<\/p>\n<p style=\"text-align: center;\"><a href=\"http:\/\/161.53.208.100\/cgi-bin\/unilib.cgi?form=D1141120045\"><strong>Izvje\u0161taji Dr\u017eavne trgova\u010dke akademije u Osijeku<\/strong><\/a><\/p>\n<p>[\/vc_column_text][vc_single_image image=&#8221;14389&#8243; img_size=&#8221;full&#8221; alignment=&#8221;center&#8221; onclick=&#8221;custom_link&#8221; img_link_target=&#8221;_blank&#8221; link=&#8221;http:\/\/161.53.208.100\/cgi-bin\/unilib.cgi?form=D1141120045&#8243;][vc_empty_space]<div data-id=\"mpc_divider-1769f210532988d\" class=\"mpc-divider-wrap\"><div class=\"mpc-divider mpc-init mpc-align--center \" ><div class=\"mpc-divider__line mpc-side--left\"><span><\/span><\/div><div class=\"mpc-divider__separator\"><div class=\"mpc-divider__content\"><\/div><\/div><div class=\"mpc-divider__line mpc-side--right\"><span><\/span><\/div><\/div><\/div>[vc_empty_space][\/vc_column][\/vc_row][vc_row][vc_column width=&#8221;1\/2&#8243;][vc_column_text]<a href=\"http:\/\/161.53.208.100\/cgi-bin\/unilib.cgi?form=D1141121080\"><strong>A Magyar kiralyi allamvasutak Eszeki elemi nepiskolajanak ertesitoje &#8230; tanevrol <\/strong><\/a><br \/>\n<a href=\"http:\/\/161.53.208.100\/cgi-bin\/unilib.cgi?form=D1141121080\"><strong>= [Vjesnik osje\u010dke ni\u017ee pu\u010dke osnovne \u0161kole ma\u0111arske kraljevske dr\u017eavne \u017eeljeznice za &#8230; \u0161kolsku godinu]<\/strong><\/a>[\/vc_column_text][vc_single_image image=&#8221;16978&#8243; img_size=&#8221;full&#8221; alignment=&#8221;center&#8221; onclick=&#8221;custom_link&#8221; img_link_target=&#8221;_blank&#8221; link=&#8221;http:\/\/161.53.208.100\/cgi-bin\/unilib.cgi?form=D1141121080&#8243;][vc_empty_space][\/vc_column][vc_column width=&#8221;1\/2&#8243;][vc_column_text]<a href=\"http:\/\/161.53.208.100\/cgi-bin\/unilib.cgi?form=D1141121082\"><strong>A Magyar kiralyi allamvasutak Osijeki felso nep-iskolajanak ertesitoje<br \/>\n= [Vjesnik osje\u010dke vi\u0161e pu\u010dke \u0161kole ma\u0111arske kraljevske dr\u017eavne \u017eeljeznice]<\/strong><\/a>[\/vc_column_text][vc_single_image image=&#8221;16985&#8243; img_size=&#8221;full&#8221; alignment=&#8221;center&#8221; onclick=&#8221;custom_link&#8221; img_link_target=&#8221;_blank&#8221; link=&#8221;http:\/\/161.53.208.100\/cgi-bin\/unilib.cgi?form=D1141121082&#8243;][vc_empty_space][\/vc_column][\/vc_row]<\/p>\n<\/section>","protected":false},"excerpt":{"rendered":"<p>[vc_row full_width=&#8221;stretch_row&#8221; content_placement=&#8221;bottom&#8221; enable_first_overlay=&#8221;true&#8221; first_overlay_opacity=&#8221;25&#8243; first_background_type=&#8221;gradient&#8221; enable_parallax=&#8221;true&#8221; parallax_background=&#8221;3627&#8243; parallax_style=&#8221;fixed&#8221; css=&#8221;.vc_custom_1509303263297{background-position: center !important;background-repeat: no-repeat !important;background-size: cover !important;}&#8221;][vc_column alignment=&#8221;center&#8221;][\/vc_column][\/vc_row][vc_row][vc_column][vc_empty_space height=&#8221;50px&#8221;][vc_empty_space height=&#8221;30px&#8221;][\/vc_column][\/vc_row][vc_row full_width=&#8221;stretch_row&#8221; css=&#8221;.vc_custom_1514555763635{background-color: #ffffff !important;}&#8221;][vc_column width=&#8221;1\/2&#8243;][vc_empty_space][vc_column_text] Almanak hrvatskoj mlade\u017ei [\/vc_column_text][vc_column_text] Almanah je prigodna ili periodi\u010dna publikacija, godi\u0161njak s prilozima vi\u0161e autora, s knji\u017eevnim, stru\u010dnim, informativnim ili zabavnim sadr\u017eajem. Almanahe \u010desto izdaju u\u010deni\u010dka, akademska, stru\u010dna i stale\u0161ka dru\u0161tva.<\/p>\n","protected":false},"author":3,"featured_media":0,"parent":0,"menu_order":0,"comment_status":"closed","ping_status":"closed","template":"","meta":{"_mi_skip_tracking":false},"_links":{"self":[{"href":"https:\/\/www.gskos.unios.hr\/index.php\/wp-json\/wp\/v2\/pages\/6815"}],"collection":[{"href":"https:\/\/www.gskos.unios.hr\/index.php\/wp-json\/wp\/v2\/pages"}],"about":[{"href":"https:\/\/www.gskos.unios.hr\/index.php\/wp-json\/wp\/v2\/types\/page"}],"author":[{"embeddable":true,"href":"https:\/\/www.gskos.unios.hr\/index.php\/wp-json\/wp\/v2\/users\/3"}],"replies":[{"embeddable":true,"href":"https:\/\/www.gskos.unios.hr\/index.php\/wp-json\/wp\/v2\/comments?post=6815"}],"version-history":[{"count":82,"href":"https:\/\/www.gskos.unios.hr\/index.php\/wp-json\/wp\/v2\/pages\/6815\/revisions"}],"predecessor-version":[{"id":19141,"href":"https:\/\/www.gskos.unios.hr\/index.php\/wp-json\/wp\/v2\/pages\/6815\/revisions\/19141"}],"wp:attachment":[{"href":"https:\/\/www.gskos.unios.hr\/index.php\/wp-json\/wp\/v2\/media?parent=6815"}],"curies":[{"name":"wp","href":"https:\/\/api.w.org\/{rel}","templated":true}]}}